{"id":235,"date":"2023-03-23T16:54:46","date_gmt":"2023-03-23T16:54:46","guid":{"rendered":"https:\/\/warqhelmets.com\/?page_id=235"},"modified":"2023-06-27T21:04:56","modified_gmt":"2023-06-27T21:04:56","slug":"warranty-claim","status":"publish","type":"page","link":"https:\/\/warqhelmets.com\/es\/reclamo-de-garantia\/","title":{"rendered":"Reclamo de garant\u00eda"},"content":{"rendered":"<div data-elementor-type=\"wp-page\" data-elementor-id=\"235\" class=\"elementor elementor-235\">\n\t\t\t\t\t\t<section class=\"elementor-section elementor-top-section elementor-element elementor-element-21df0ae elementor-section-boxed elementor-section-height-default elementor-section-height-default\" data-id=\"21df0ae\" data-element_type=\"section\" data-settings=\"{&quot;background_background&quot;:&quot;classic&quot;}\">\n\t\t\t\t\t\t\t<div class=\"elementor-background-overlay\"><\/div>\n\t\t\t\t\t\t\t<div class=\"elementor-container elementor-column-gap-default\">\n\t\t\t\t\t<div class=\"elementor-column elementor-col-100 elementor-top-column elementor-element elementor-element-a0f3eb3\" data-id=\"a0f3eb3\" data-element_type=\"column\">\n\t\t\t<div class=\"elementor-widget-wrap elementor-element-populated\">\n\t\t\t\t\t\t<div class=\"elementor-element elementor-element-cf50749 elementor-widget elementor-widget-spacer\" data-id=\"cf50749\" data-element_type=\"widget\" data-widget_type=\"spacer.default\">\n\t\t\t\t<div class=\"elementor-widget-container\">\n\t\t\t\t\t\t\t<div class=\"elementor-spacer\">\n\t\t\t<div class=\"elementor-spacer-inner\"><\/div>\n\t\t<\/div>\n\t\t\t\t\t\t<\/div>\n\t\t\t\t<\/div>\n\t\t\t\t<section class=\"elementor-section elementor-inner-section elementor-element elementor-element-0a8f3ec elementor-section-boxed elementor-section-height-default elementor-section-height-default\" data-id=\"0a8f3ec\" data-element_type=\"section\" data-settings=\"{&quot;background_background&quot;:&quot;classic&quot;}\">\n\t\t\t\t\t\t<div class=\"elementor-container elementor-column-gap-default\">\n\t\t\t\t\t<div class=\"elementor-column elementor-col-100 elementor-inner-column elementor-element elementor-element-bb19a2f\" data-id=\"bb19a2f\" data-element_type=\"column\">\n\t\t\t<div class=\"elementor-widget-wrap elementor-element-populated\">\n\t\t\t\t\t\t<div class=\"elementor-element elementor-element-db8e18d elementor-widget elementor-widget-image\" data-id=\"db8e18d\" data-element_type=\"widget\" data-widget_type=\"image.default\">\n\t\t\t\t<div class=\"elementor-widget-container\">\n\t\t\t\t\t\t\t\t\t\t\t\t\t\t\t<img decoding=\"async\" src=\"https:\/\/warqhelmets.com\/wp-content\/uploads\/elementor\/thumbs\/Warq-skull-icon-wht-small-q0im43xlhjtesy54ul0ke6arj4lx6ksn085fsaswzk.png\" title=\"Warq-calavera-icono-blanco-peque\u00f1o\" alt=\"Warq-calavera-icono-blanco-peque\u00f1o\" loading=\"lazy\" \/>\t\t\t\t\t\t\t\t\t\t\t\t\t\t\t<\/div>\n\t\t\t\t<\/div>\n\t\t\t\t<div class=\"elementor-element elementor-element-74f44a2 elementor-widget elementor-widget-heading\" data-id=\"74f44a2\" data-element_type=\"widget\" data-widget_type=\"heading.default\">\n\t\t\t\t<div class=\"elementor-widget-container\">\n\t\t\t\t\t<h2 class=\"elementor-heading-title elementor-size-default\">RECLAMO DE GARANT\u00cdA<\/h2>\t\t\t\t<\/div>\n\t\t\t\t<\/div>\n\t\t\t\t<div class=\"elementor-element elementor-element-07ac075 elementor-widget elementor-widget-text-editor\" data-id=\"07ac075\" data-element_type=\"widget\" data-widget_type=\"text-editor.default\">\n\t\t\t\t<div class=\"elementor-widget-container\">\n\t\t\t\t\t\t\t\t\t<p class=\"p1\">El programa de garant\u00eda del casco WARQ Pro es v\u00e1lido por un per\u00edodo de cinco (5) a\u00f1os a partir de la fecha de compra del nuevo producto. El programa de garant\u00eda WARQ Pro Helmet cubre los defectos de material y fabricaci\u00f3n del casco siempre que se use correctamente. El programa de garant\u00eda de cinco a\u00f1os de WARQ Pro Helmet no cubre la lente del casco, que tiene una (1) garant\u00eda de un a\u00f1o.<\/p><p>Para presentar un reclamo de garant\u00eda, complete el formulario a continuaci\u00f3n con su nombre, informaci\u00f3n de contacto y una breve descripci\u00f3n del problema que est\u00e1 experimentando. Nuestro equipo de servicio al cliente revisar\u00e1 su reclamo y se comunicar\u00e1 con usted lo antes posible con instrucciones sobre c\u00f3mo proceder.<\/p>\t\t\t\t\t\t\t\t<\/div>\n\t\t\t\t<\/div>\n\t\t\t\t<div class=\"elementor-element elementor-element-c3de036 elementor-widget-divider--view-line elementor-widget elementor-widget-divider\" data-id=\"c3de036\" data-element_type=\"widget\" data-widget_type=\"divider.default\">\n\t\t\t\t<div class=\"elementor-widget-container\">\n\t\t\t\t\t\t\t<div class=\"elementor-divider\">\n\t\t\t<span class=\"elementor-divider-separator\">\n\t\t\t\t\t\t<\/span>\n\t\t<\/div>\n\t\t\t\t\t\t<\/div>\n\t\t\t\t<\/div>\n\t\t\t\t<div class=\"elementor-element elementor-element-1e379db elementor-widget elementor-widget-heading\" data-id=\"1e379db\" data-element_type=\"widget\" data-widget_type=\"heading.default\">\n\t\t\t\t<div class=\"elementor-widget-container\">\n\t\t\t\t\t<h2 class=\"elementor-heading-title elementor-size-default\">ENVIAR RECLAMO<\/h2>\t\t\t\t<\/div>\n\t\t\t\t<\/div>\n\t\t\t\t<div class=\"elementor-element elementor-element-d22523c elementor-widget elementor-widget-html\" data-id=\"d22523c\" data-element_type=\"widget\" data-widget_type=\"html.default\">\n\t\t\t\t<div class=\"elementor-widget-container\">\n\t\t\t\t\t<script type=\"text\/javascript\" src=\"https:\/\/form.jotform.com\/jsform\/230815324389257\"><\/script>\t\t\t\t<\/div>\n\t\t\t\t<\/div>\n\t\t\t\t<div class=\"elementor-element elementor-element-e93765a elementor-widget-divider--view-line elementor-widget elementor-widget-divider\" data-id=\"e93765a\" data-element_type=\"widget\" data-widget_type=\"divider.default\">\n\t\t\t\t<div class=\"elementor-widget-container\">\n\t\t\t\t\t\t\t<div class=\"elementor-divider\">\n\t\t\t<span class=\"elementor-divider-separator\">\n\t\t\t\t\t\t<\/span>\n\t\t<\/div>\n\t\t\t\t\t\t<\/div>\n\t\t\t\t<\/div>\n\t\t\t\t<div class=\"elementor-element elementor-element-6e9fb1f elementor-widget elementor-widget-text-editor\" data-id=\"6e9fb1f\" data-element_type=\"widget\" data-widget_type=\"text-editor.default\">\n\t\t\t\t<div class=\"elementor-widget-container\">\n\t\t\t\t\t\t\t\t\t<p class=\"p1\">Lo siguiente NO est\u00e1 cubierto por la garant\u00eda:<\/p>\t\t\t\t\t\t\t\t<\/div>\n\t\t\t\t<\/div>\n\t\t\t\t<div class=\"elementor-element elementor-element-851abce elementor-icon-list--layout-traditional elementor-list-item-link-full_width elementor-widget elementor-widget-icon-list\" data-id=\"851abce\" data-element_type=\"widget\" data-widget_type=\"icon-list.default\">\n\t\t\t\t<div class=\"elementor-widget-container\">\n\t\t\t\t\t\t\t<ul class=\"elementor-icon-list-items\">\n\t\t\t\t\t\t\t<li class=\"elementor-icon-list-item\">\n\t\t\t\t\t\t\t\t\t\t\t<span class=\"elementor-icon-list-icon\">\n\t\t\t\t\t\t\t<i aria-hidden=\"true\" class=\"fas fa-chevron-right\"><\/i>\t\t\t\t\t\t<\/span>\n\t\t\t\t\t\t\t\t\t\t<span class=\"elementor-icon-list-text\">Cascos da\u00f1ados en un accidente<\/span>\n\t\t\t\t\t\t\t\t\t<\/li>\n\t\t\t\t\t\t\t\t<li class=\"elementor-icon-list-item\">\n\t\t\t\t\t\t\t\t\t\t\t<span class=\"elementor-icon-list-icon\">\n\t\t\t\t\t\t\t<i aria-hidden=\"true\" class=\"fas fa-chevron-right\"><\/i>\t\t\t\t\t\t<\/span>\n\t\t\t\t\t\t\t\t\t\t<span class=\"elementor-icon-list-text\">Rasgu\u00f1os o abolladuras en el exterior o la lente<\/span>\n\t\t\t\t\t\t\t\t\t<\/li>\n\t\t\t\t\t\t\t\t<li class=\"elementor-icon-list-item\">\n\t\t\t\t\t\t\t\t\t\t\t<span class=\"elementor-icon-list-icon\">\n\t\t\t\t\t\t\t<i aria-hidden=\"true\" class=\"fas fa-chevron-right\"><\/i>\t\t\t\t\t\t<\/span>\n\t\t\t\t\t\t\t\t\t\t<span class=\"elementor-icon-list-text\">Errores de mantenimiento o da\u00f1os causados por un uso inadecuado (intencionado o no intencionado)<\/span>\n\t\t\t\t\t\t\t\t\t<\/li>\n\t\t\t\t\t\t\t\t<li class=\"elementor-icon-list-item\">\n\t\t\t\t\t\t\t\t\t\t\t<span class=\"elementor-icon-list-icon\">\n\t\t\t\t\t\t\t<i aria-hidden=\"true\" class=\"fas fa-chevron-right\"><\/i>\t\t\t\t\t\t<\/span>\n\t\t\t\t\t\t\t\t\t\t<span class=\"elementor-icon-list-text\">Desgaste habitual<\/span>\n\t\t\t\t\t\t\t\t\t<\/li>\n\t\t\t\t\t\t\t\t<li class=\"elementor-icon-list-item\">\n\t\t\t\t\t\t\t\t\t\t\t<span class=\"elementor-icon-list-icon\">\n\t\t\t\t\t\t\t<i aria-hidden=\"true\" class=\"fas fa-chevron-right\"><\/i>\t\t\t\t\t\t<\/span>\n\t\t\t\t\t\t\t\t\t\t<span class=\"elementor-icon-list-text\">Da\u00f1os causados por un mantenimiento inadecuado<\/span>\n\t\t\t\t\t\t\t\t\t<\/li>\n\t\t\t\t\t\t\t\t<li class=\"elementor-icon-list-item\">\n\t\t\t\t\t\t\t\t\t\t\t<span class=\"elementor-icon-list-icon\">\n\t\t\t\t\t\t\t<i aria-hidden=\"true\" class=\"fas fa-chevron-right\"><\/i>\t\t\t\t\t\t<\/span>\n\t\t\t\t\t\t\t\t\t\t<span class=\"elementor-icon-list-text\">Da\u00f1os por instalaci\u00f3n incorrecta de equipos y accesorios, as\u00ed como da\u00f1os por instalaci\u00f3n de equipos o accesorios de terceros de mala calidad, defectuosos o incompatibles. <\/span>\n\t\t\t\t\t\t\t\t\t<\/li>\n\t\t\t\t\t\t\t\t<li class=\"elementor-icon-list-item\">\n\t\t\t\t\t\t\t\t\t\t\t<span class=\"elementor-icon-list-icon\">\n\t\t\t\t\t\t\t<i aria-hidden=\"true\" class=\"fas fa-chevron-right\"><\/i>\t\t\t\t\t\t<\/span>\n\t\t\t\t\t\t\t\t\t\t<span class=\"elementor-icon-list-text\">Da\u00f1os debido a un cuidado inadecuado de limpieza de lentes<\/span>\n\t\t\t\t\t\t\t\t\t<\/li>\n\t\t\t\t\t\t\t\t<li class=\"elementor-icon-list-item\">\n\t\t\t\t\t\t\t\t\t\t\t<span class=\"elementor-icon-list-icon\">\n\t\t\t\t\t\t\t<i aria-hidden=\"true\" class=\"fas fa-chevron-right\"><\/i>\t\t\t\t\t\t<\/span>\n\t\t\t\t\t\t\t\t\t\t<span class=\"elementor-icon-list-text\">Da\u00f1os por lavado inadecuado del protector de cuello<\/span>\n\t\t\t\t\t\t\t\t\t<\/li>\n\t\t\t\t\t\t\t\t<li class=\"elementor-icon-list-item\">\n\t\t\t\t\t\t\t\t\t\t\t<span class=\"elementor-icon-list-icon\">\n\t\t\t\t\t\t\t<i aria-hidden=\"true\" class=\"fas fa-chevron-right\"><\/i>\t\t\t\t\t\t<\/span>\n\t\t\t\t\t\t\t\t\t\t<span class=\"elementor-icon-list-text\">Cualquier modificaci\u00f3n, pintura personalizada o alteraci\u00f3n por parte del cliente <\/span>\n\t\t\t\t\t\t\t\t\t<\/li>\n\t\t\t\t\t\t<\/ul>\n\t\t\t\t\t\t<\/div>\n\t\t\t\t<\/div>\n\t\t\t\t<div class=\"elementor-element elementor-element-c7b4083 elementor-widget elementor-widget-text-editor\" data-id=\"c7b4083\" data-element_type=\"widget\" data-widget_type=\"text-editor.default\">\n\t\t\t\t<div class=\"elementor-widget-container\">\n\t\t\t\t\t\t\t\t\t<p class=\"p1\">WARQ declina cualquier responsabilidad por el servicio de garant\u00eda a los cascos que no est\u00e9n de acuerdo con las instrucciones de uso, los requisitos de protecci\u00f3n definidos por los fabricantes de munici\u00f3n de entrenamiento, o por cualquier casco que haya sido alterado o modificado por el cliente.<\/p>\t\t\t\t\t\t\t\t<\/div>\n\t\t\t\t<\/div>\n\t\t\t\t\t<\/div>\n\t\t<\/div>\n\t\t\t\t\t<\/div>\n\t\t<\/section>\n\t\t\t\t<section class=\"elementor-section elementor-inner-section elementor-element elementor-element-67eab47 elementor-section-boxed elementor-section-height-default elementor-section-height-default\" data-id=\"67eab47\" data-element_type=\"section\">\n\t\t\t\t\t\t<div class=\"elementor-container elementor-column-gap-default\">\n\t\t\t\t\t<div class=\"elementor-column elementor-col-100 elementor-inner-column elementor-element elementor-element-1ba5c9e\" data-id=\"1ba5c9e\" data-element_type=\"column\">\n\t\t\t<div class=\"elementor-widget-wrap elementor-element-populated\">\n\t\t\t\t\t\t<div class=\"elementor-element elementor-element-e2fd833 elementor-widget elementor-widget-spacer\" data-id=\"e2fd833\" data-element_type=\"widget\" data-widget_type=\"spacer.default\">\n\t\t\t\t<div class=\"elementor-widget-container\">\n\t\t\t\t\t\t\t<div class=\"elementor-spacer\">\n\t\t\t<div class=\"elementor-spacer-inner\"><\/div>\n\t\t<\/div>\n\t\t\t\t\t\t<\/div>\n\t\t\t\t<\/div>\n\t\t\t\t\t<\/div>\n\t\t<\/div>\n\t\t\t\t\t<\/div>\n\t\t<\/section>\n\t\t\t\t\t<\/div>\n\t\t<\/div>\n\t\t\t\t\t<\/div>\n\t\t<\/section>\n\t\t\t\t<\/div>","protected":false},"excerpt":{"rendered":"<p>WARRANTY CLAIM The WARQ Pro helmet warranty program is valid for a period of five (5) years commencing on the date the new product is purchased. The WARQ Pro Helmet warranty program covers material and manufacturing defects in the helmet on the condition of proper use. The five-year WARQ Pro Helmet warranty program does not [&hellip;]<\/p>","protected":false},"author":4,"featured_media":0,"parent":0,"menu_order":0,"comment_status":"closed","ping_status":"closed","template":"elementor_header_footer","meta":{"footnotes":""},"class_list":["post-235","page","type-page","status-publish","hentry"],"yoast_head":"<!-- This site is optimized with the Yoast SEO Premium plugin v20.3 (Yoast SEO v20.3) - https:\/\/yoast.com\/wordpress\/plugins\/seo\/ -->\n<title>Warranty Claim - WARQ | Force-On-Force Equipment<\/title>\n<meta name=\"robots\" content=\"index, follow, max-snippet:-1, max-image-preview:large, max-video-preview:-1\" \/>\n<link rel=\"canonical\" href=\"https:\/\/warqhelmets.com\/es\/reclamo-de-garantia\/\" \/>\n<meta property=\"og:locale\" content=\"es_ES\" \/>\n<meta property=\"og:type\" content=\"article\" \/>\n<meta property=\"og:title\" content=\"Warranty Claim\" \/>\n<meta property=\"og:description\" content=\"WARRANTY CLAIM The WARQ Pro helmet warranty program is valid for a period of five (5) years commencing on the date the new product is purchased. The WARQ Pro Helmet warranty program covers material and manufacturing defects in the helmet on the condition of proper use. The five-year WARQ Pro Helmet warranty program does not [&hellip;]\" \/>\n<meta property=\"og:url\" content=\"https:\/\/warqhelmets.com\/es\/reclamo-de-garantia\/\" \/>\n<meta property=\"og:site_name\" content=\"WARQ | Force-On-Force Equipment\" \/>\n<meta property=\"article:publisher\" content=\"https:\/\/www.facebook.com\/warqhelmet\/\" \/>\n<meta property=\"article:modified_time\" content=\"2023-06-27T21:04:56+00:00\" \/>\n<meta property=\"og:image\" content=\"https:\/\/warqhelmets.com\/wp-content\/uploads\/elementor\/thumbs\/Warq-skull-icon-wht-small-q0im43xlhjtesy54ul0ke6arj4lx6ksn085fsaswzk.png\" \/>\n<meta name=\"twitter:card\" content=\"summary_large_image\" \/>\n<meta name=\"twitter:label1\" content=\"Tiempo de lectura\" \/>\n\t<meta name=\"twitter:data1\" content=\"2 minutos\" \/>\n<script type=\"application\/ld+json\" class=\"yoast-schema-graph\">{\"@context\":\"https:\/\/schema.org\",\"@graph\":[{\"@type\":\"WebPage\",\"@id\":\"https:\/\/warqhelmets.com\/warranty-claim\/\",\"url\":\"https:\/\/warqhelmets.com\/warranty-claim\/\",\"name\":\"Warranty Claim - WARQ | Force-On-Force Equipment\",\"isPartOf\":{\"@id\":\"https:\/\/warqhelmets.com\/#website\"},\"datePublished\":\"2023-03-23T16:54:46+00:00\",\"dateModified\":\"2023-06-27T21:04:56+00:00\",\"breadcrumb\":{\"@id\":\"https:\/\/warqhelmets.com\/warranty-claim\/#breadcrumb\"},\"inLanguage\":\"es\",\"potentialAction\":[{\"@type\":\"ReadAction\",\"target\":[\"https:\/\/warqhelmets.com\/warranty-claim\/\"]}]},{\"@type\":\"BreadcrumbList\",\"@id\":\"https:\/\/warqhelmets.com\/warranty-claim\/#breadcrumb\",\"itemListElement\":[{\"@type\":\"ListItem\",\"position\":1,\"name\":\"Home\",\"item\":\"https:\/\/warqhelmets.com\/\"},{\"@type\":\"ListItem\",\"position\":2,\"name\":\"Warranty Claim\"}]},{\"@type\":\"WebSite\",\"@id\":\"https:\/\/warqhelmets.com\/#website\",\"url\":\"https:\/\/warqhelmets.com\/\",\"name\":\"WARQ Pro Helmets - Zero Fog Helmets for Training Ammunition\",\"description\":\"The WARQ PRO helmet has been designed specifically for use in training with marking rounds\/Simunition\/FOF ammunition.\",\"publisher\":{\"@id\":\"https:\/\/warqhelmets.com\/#organization\"},\"potentialAction\":[{\"@type\":\"SearchAction\",\"target\":{\"@type\":\"EntryPoint\",\"urlTemplate\":\"https:\/\/warqhelmets.com\/?s={search_term_string}\"},\"query-input\":\"required name=search_term_string\"}],\"inLanguage\":\"es\"},{\"@type\":\"Organization\",\"@id\":\"https:\/\/warqhelmets.com\/#organization\",\"name\":\"WARQ\",\"url\":\"https:\/\/warqhelmets.com\/\",\"logo\":{\"@type\":\"ImageObject\",\"inLanguage\":\"es\",\"@id\":\"https:\/\/warqhelmets.com\/#\/schema\/logo\/image\/\",\"url\":\"https:\/\/warqhelmets.com\/wp-content\/uploads\/2023\/01\/WARQ-Logo-BLK.png\",\"contentUrl\":\"https:\/\/warqhelmets.com\/wp-content\/uploads\/2023\/01\/WARQ-Logo-BLK.png\",\"width\":1000,\"height\":452,\"caption\":\"WARQ\"},\"image\":{\"@id\":\"https:\/\/warqhelmets.com\/#\/schema\/logo\/image\/\"},\"sameAs\":[\"https:\/\/www.facebook.com\/warqhelmet\/\",\"https:\/\/www.instagram.com\/warqhelmet\/\"]}]}<\/script>\n<!-- \/ Yoast SEO Premium plugin. -->","yoast_head_json":{"title":"Warranty Claim - WARQ | Force-On-Force Equipment","robots":{"index":"index","follow":"follow","max-snippet":"max-snippet:-1","max-image-preview":"max-image-preview:large","max-video-preview":"max-video-preview:-1"},"canonical":"https:\/\/warqhelmets.com\/es\/reclamo-de-garantia\/","og_locale":"es_ES","og_type":"article","og_title":"Warranty Claim","og_description":"WARRANTY CLAIM The WARQ Pro helmet warranty program is valid for a period of five (5) years commencing on the date the new product is purchased. The WARQ Pro Helmet warranty program covers material and manufacturing defects in the helmet on the condition of proper use. The five-year WARQ Pro Helmet warranty program does not [&hellip;]","og_url":"https:\/\/warqhelmets.com\/es\/reclamo-de-garantia\/","og_site_name":"WARQ | Force-On-Force Equipment","article_publisher":"https:\/\/www.facebook.com\/warqhelmet\/","article_modified_time":"2023-06-27T21:04:56+00:00","og_image":[{"url":"https:\/\/warqhelmets.com\/wp-content\/uploads\/elementor\/thumbs\/Warq-skull-icon-wht-small-q0im43xlhjtesy54ul0ke6arj4lx6ksn085fsaswzk.png"}],"twitter_card":"summary_large_image","twitter_misc":{"Tiempo de lectura":"2 minutos"},"schema":{"@context":"https:\/\/schema.org","@graph":[{"@type":"WebPage","@id":"https:\/\/warqhelmets.com\/warranty-claim\/","url":"https:\/\/warqhelmets.com\/warranty-claim\/","name":"Warranty Claim - WARQ | Force-On-Force Equipment","isPartOf":{"@id":"https:\/\/warqhelmets.com\/#website"},"datePublished":"2023-03-23T16:54:46+00:00","dateModified":"2023-06-27T21:04:56+00:00","breadcrumb":{"@id":"https:\/\/warqhelmets.com\/warranty-claim\/#breadcrumb"},"inLanguage":"es","potentialAction":[{"@type":"ReadAction","target":["https:\/\/warqhelmets.com\/warranty-claim\/"]}]},{"@type":"BreadcrumbList","@id":"https:\/\/warqhelmets.com\/warranty-claim\/#breadcrumb","itemListElement":[{"@type":"ListItem","position":1,"name":"Home","item":"https:\/\/warqhelmets.com\/"},{"@type":"ListItem","position":2,"name":"Warranty Claim"}]},{"@type":"WebSite","@id":"https:\/\/warqhelmets.com\/#website","url":"https:\/\/warqhelmets.com\/","name":"WARQ Pro Helmets - Zero Fog Helmets for Training Ammunition","description":"The WARQ PRO helmet has been designed specifically for use in training with marking rounds\/Simunition\/FOF ammunition.","publisher":{"@id":"https:\/\/warqhelmets.com\/#organization"},"potentialAction":[{"@type":"SearchAction","target":{"@type":"EntryPoint","urlTemplate":"https:\/\/warqhelmets.com\/?s={search_term_string}"},"query-input":"required name=search_term_string"}],"inLanguage":"es"},{"@type":"Organization","@id":"https:\/\/warqhelmets.com\/#organization","name":"WARQ","url":"https:\/\/warqhelmets.com\/","logo":{"@type":"ImageObject","inLanguage":"es","@id":"https:\/\/warqhelmets.com\/#\/schema\/logo\/image\/","url":"https:\/\/warqhelmets.com\/wp-content\/uploads\/2023\/01\/WARQ-Logo-BLK.png","contentUrl":"https:\/\/warqhelmets.com\/wp-content\/uploads\/2023\/01\/WARQ-Logo-BLK.png","width":1000,"height":452,"caption":"WARQ"},"image":{"@id":"https:\/\/warqhelmets.com\/#\/schema\/logo\/image\/"},"sameAs":["https:\/\/www.facebook.com\/warqhelmet\/","https:\/\/www.instagram.com\/warqhelmet\/"]}]}},"featured_image_src":null,"featured_image_src_square":null,"_links":{"self":[{"href":"https:\/\/warqhelmets.com\/es\/wp-json\/wp\/v2\/pages\/235","targetHints":{"allow":["GET"]}}],"collection":[{"href":"https:\/\/warqhelmets.com\/es\/wp-json\/wp\/v2\/pages"}],"about":[{"href":"https:\/\/warqhelmets.com\/es\/wp-json\/wp\/v2\/types\/page"}],"author":[{"embeddable":true,"href":"https:\/\/warqhelmets.com\/es\/wp-json\/wp\/v2\/users\/4"}],"replies":[{"embeddable":true,"href":"https:\/\/warqhelmets.com\/es\/wp-json\/wp\/v2\/comments?post=235"}],"version-history":[{"count":0,"href":"https:\/\/warqhelmets.com\/es\/wp-json\/wp\/v2\/pages\/235\/revisions"}],"wp:attachment":[{"href":"https:\/\/warqhelmets.com\/es\/wp-json\/wp\/v2\/media?parent=235"}],"curies":[{"name":"wp","href":"https:\/\/api.w.org\/{rel}","templated":true}]}}